{"id":18350,"date":"2026-08-10T12:12:59","date_gmt":"2026-08-10T12:12:59","guid":{"rendered":"https:\/\/laborimhorse.redbit.agency\/products\/ratelier-carre-compact-1500-x-1500-mm-3\/"},"modified":"2026-08-10T12:13:00","modified_gmt":"2026-08-10T12:13:00","slug":"ratelier-carre-compact-1500-x-1500-mm-3","status":"publish","type":"product","link":"https:\/\/laborimhorse.redbit.agency\/fr\/produit\/ratelier-carre-compact-1500-x-1500-mm-3\/","title":{"rendered":"R\u00e2telier Carr\u00e9 Compact \u2013 1500 x 1500 mm"},"content":{"rendered":"<p data-end=\"1017\" data-start=\"765\">R&acirc;telier carr&eacute; robuste, id&eacute;al pour bovins. Fabrication en acier enti&egrave;rement galvanis&eacute; avec 8 places d&rsquo;alimentation et grille verticale.<br data-end=\"993\" data-start=\"990\" \/>&#13;<br \/>\n<strong data-end=\"1015\" data-start=\"993\">Caract&eacute;ristiques :<\/strong><\/p>\n<p>&#13;<br \/>\n&#13;<\/p>\n<ul data-end=\"1267\" data-start=\"1018\">&#13;<\/p>\n<li data-end=\"1061\" data-start=\"1018\">&#13;\n<p data-end=\"1061\" data-start=\"1020\">Dimensions ext&eacute;rieures : 1500 x 1500 mm<\/p>\n<p>&#13;\n\t<\/li>\n<p>&#13;<\/p>\n<li data-end=\"1105\" data-start=\"1062\">&#13;\n<p data-end=\"1105\" data-start=\"1064\">Dimensions int&eacute;rieures : 1370 x 1370 mm<\/p>\n<p>&#13;\n\t<\/li>\n<p>&#13;<\/p>\n<li data-end=\"1139\" data-start=\"1106\">&#13;\n<p data-end=\"1139\" data-start=\"1108\">Hauteur totale : env. 2400 mm<\/p>\n<p>&#13;\n\t<\/li>\n<p>&#13;<\/p>\n<li data-end=\"1181\" data-start=\"1140\">&#13;\n<p data-end=\"1181\" data-start=\"1142\">Hauteur du r&acirc;telier : env. 450&ndash;550 mm<\/p>\n<p>&#13;\n\t<\/li>\n<p>&#13;<\/p>\n<li data-end=\"1205\" data-start=\"1182\">&#13;\n<p data-end=\"1205\" data-start=\"1184\">Poids : env. 250 kg<\/p>\n<p>&#13;\n\t<\/li>\n<p>&#13;<\/p>\n<li data-end=\"1241\" data-start=\"1206\">&#13;\n<p data-end=\"1241\" data-start=\"1208\">Avec protection de bord de toit<\/p>\n<p>&#13;\n\t<\/li>\n<p>&#13;<\/p>\n<li data-end=\"1267\" data-start=\"1242\">&#13;\n<p data-end=\"1267\" data-start=\"1244\">Livr&eacute; en kit &agrave; monter<\/p>\n<p>&#13;\n\t<\/li>\n<p>&#13;\n<\/ul>\n<p>&#13;<br \/>\n&#13;<\/p>\n<p data-end=\"1424\" data-start=\"1269\"><strong data-end=\"1284\" data-start=\"1269\">Attention :<\/strong> Ne pas utiliser avec licols. Non adapt&eacute; aux poulains et jeunes animaux. Non conforme FN en raison des nombreuses possibilit&eacute;s de r&eacute;glage.<\/p>\n","protected":false},"excerpt":{"rendered":"<p>R\u00e2telier carr\u00e9 robuste, id\u00e9al pour bovins. Fabrication en acier enti\u00e8rement galvanis\u00e9 avec 8 places d\u2019alimentation et grille verticale.<br \/>\nCaract\u00e9ristiques :<\/p>\n<p>\tDimensions ext\u00e9rieures : 1500 x 1500 mm<\/p>\n<p>\tDimensions int\u00e9rieures : 1370 x 1370 mm<\/p>\n<p>\tHauteur totale : env. 2400 mm<\/p>\n<p>\tHauteur du r\u00e2telier : env. 450\u2013550 mm<\/p>\n<p>\tPoids : env. 250 kg<\/p>\n<p>\tAvec protection de bord de toit<\/p>\n<p>\tLivr\u00e9 en kit \u00e0 monter<\/p>\n<p>Attention : Ne pas utiliser avec licols. Non adapt\u00e9 aux poulains et jeunes animaux. Non conforme FN en raison des nombreuses possibilit\u00e9s de r\u00e9glage.<\/p>\n","protected":false},"featured_media":14731,"template":"","meta":[],"product_brand":[],"product_cat":[412],"product_tag":[],"class_list":["post-18350","product","type-product","status-publish","has-post-thumbnail","product_cat-rateliers-fr","first","instock","product-type-simple"],"aioseo_notices":[],"aioseo_head":"\n\t\t<!-- All in One SEO 5.0.0.1 - aioseo.com -->\n\t<meta name=\"description\" content=\"R\u00e2telier carr\u00e9 robuste, id\u00e9al pour bovins. Fabrication en acier enti\u00e8rement galvanis\u00e9 avec 8 places d\u2019alimentation et grille verticale. Caract\u00e9ristiques : Dimensions ext\u00e9rieures : 1500 x 1500 mm Dimensions int\u00e9rieures : 1370 x 1370 mm Hauteur totale : env. 2400 mm Hauteur du r\u00e2telier : env. 450\u2013550 mm Poids : env. 250 kg Avec protection de bord de toit Livr\u00e9 en kit \u00e0 monter Attention : Ne pas utiliser avec licols. Non adapt\u00e9 aux poulains et jeunes animaux. Non conforme FN en raison des nombreuses possibilit\u00e9s de r\u00e9glage.\" \/>\n\t<meta name=\"robots\" content=\"noindex, nofollow, max-image-preview:large\" \/>\n\t<link rel=\"canonical\" href=\"https:\/\/laborimhorse.redbit.agency\/fr\/produit\/ratelier-carre-compact-1500-x-1500-mm-3\/\" \/>\n\t<meta name=\"generator\" content=\"All in One SEO (AIOSEO) 5.0.0.1\" \/>\n\t\t<meta property=\"og:locale\" content=\"fr_FR\" \/>\n\t\t<meta property=\"og:site_name\" content=\"Laborim Horse Shop - kwaliteitsproducten voor paarden -\" \/>\n\t\t<meta property=\"og:type\" content=\"article\" \/>\n\t\t<meta property=\"og:title\" content=\"R\u00e2telier Carr\u00e9 Compact \u2013 1500 x 1500 mm - Laborim Horse Shop - kwaliteitsproducten voor paarden\" \/>\n\t\t<meta property=\"og:description\" content=\"R\u00e2telier carr\u00e9 robuste, id\u00e9al pour bovins. Fabrication en acier enti\u00e8rement galvanis\u00e9 avec 8 places d\u2019alimentation et grille verticale. Caract\u00e9ristiques : Dimensions ext\u00e9rieures : 1500 x 1500 mm Dimensions int\u00e9rieures : 1370 x 1370 mm Hauteur totale : env. 2400 mm Hauteur du r\u00e2telier : env. 450\u2013550 mm Poids : env. 250 kg Avec protection de bord de toit Livr\u00e9 en kit \u00e0 monter Attention : Ne pas utiliser avec licols. Non adapt\u00e9 aux poulains et jeunes animaux. Non conforme FN en raison des nombreuses possibilit\u00e9s de r\u00e9glage.\" \/>\n\t\t<meta property=\"og:url\" content=\"https:\/\/laborimhorse.redbit.agency\/fr\/produit\/ratelier-carre-compact-1500-x-1500-mm-3\/\" \/>\n\t\t<meta property=\"article:published_time\" content=\"2026-08-10T12:12:59+00:00\" \/>\n\t\t<meta property=\"article:modified_time\" content=\"2026-08-10T12:13:00+00:00\" \/>\n\t\t<meta name=\"twitter:card\" content=\"summary_large_image\" \/>\n\t\t<meta name=\"twitter:title\" content=\"R\u00e2telier Carr\u00e9 Compact \u2013 1500 x 1500 mm - Laborim Horse Shop - kwaliteitsproducten voor paarden\" \/>\n\t\t<meta name=\"twitter:description\" content=\"R\u00e2telier carr\u00e9 robuste, id\u00e9al pour bovins. Fabrication en acier enti\u00e8rement galvanis\u00e9 avec 8 places d\u2019alimentation et grille verticale. Caract\u00e9ristiques : Dimensions ext\u00e9rieures : 1500 x 1500 mm Dimensions int\u00e9rieures : 1370 x 1370 mm Hauteur totale : env. 2400 mm Hauteur du r\u00e2telier : env. 450\u2013550 mm Poids : env. 250 kg Avec protection de bord de toit Livr\u00e9 en kit \u00e0 monter Attention : Ne pas utiliser avec licols. Non adapt\u00e9 aux poulains et jeunes animaux. Non conforme FN en raison des nombreuses possibilit\u00e9s de r\u00e9glage.\" \/>\n\t\t<script type=\"application\/ld+json\" class=\"aioseo-schema\">\n\t\t\t{\"@context\":\"https:\\\/\\\/schema.org\",\"@graph\":[{\"@type\":\"BreadcrumbList\",\"@id\":\"https:\\\/\\\/laborimhorse.redbit.agency\\\/fr\\\/produit\\\/ratelier-carre-compact-1500-x-1500-mm-3\\\/#breadcrumblist\",\"itemListElement\":[{\"@type\":\"ListItem\",\"@id\":\"https:\\\/\\\/laborimhorse.redbit.agency\\\/fr\\\/#listItem\",\"position\":1,\"name\":\"Home\",\"item\":\"https:\\\/\\\/laborimhorse.redbit.agency\\\/fr\\\/\",\"nextItem\":{\"@type\":\"ListItem\",\"@id\":\"https:\\\/\\\/laborimhorse.redbit.agency\\\/fr\\\/boutique\\\/#listItem\",\"name\":\"Boutique\"}},{\"@type\":\"ListItem\",\"@id\":\"https:\\\/\\\/laborimhorse.redbit.agency\\\/fr\\\/boutique\\\/#listItem\",\"position\":2,\"name\":\"Boutique\",\"item\":\"https:\\\/\\\/laborimhorse.redbit.agency\\\/fr\\\/boutique\\\/\",\"nextItem\":{\"@type\":\"ListItem\",\"@id\":\"https:\\\/\\\/laborimhorse.redbit.agency\\\/fr\\\/categorie-produit\\\/prairie-fr\\\/#listItem\",\"name\":\"Prairie\"},\"previousItem\":{\"@type\":\"ListItem\",\"@id\":\"https:\\\/\\\/laborimhorse.redbit.agency\\\/fr\\\/#listItem\",\"name\":\"Home\"}},{\"@type\":\"ListItem\",\"@id\":\"https:\\\/\\\/laborimhorse.redbit.agency\\\/fr\\\/categorie-produit\\\/prairie-fr\\\/#listItem\",\"position\":3,\"name\":\"Prairie\",\"item\":\"https:\\\/\\\/laborimhorse.redbit.agency\\\/fr\\\/categorie-produit\\\/prairie-fr\\\/\",\"nextItem\":{\"@type\":\"ListItem\",\"@id\":\"https:\\\/\\\/laborimhorse.redbit.agency\\\/fr\\\/categorie-produit\\\/prairie-fr\\\/rateliers-fr\\\/#listItem\",\"name\":\"R\\u00e2teliers\"},\"previousItem\":{\"@type\":\"ListItem\",\"@id\":\"https:\\\/\\\/laborimhorse.redbit.agency\\\/fr\\\/boutique\\\/#listItem\",\"name\":\"Boutique\"}},{\"@type\":\"ListItem\",\"@id\":\"https:\\\/\\\/laborimhorse.redbit.agency\\\/fr\\\/categorie-produit\\\/prairie-fr\\\/rateliers-fr\\\/#listItem\",\"position\":4,\"name\":\"R\\u00e2teliers\",\"item\":\"https:\\\/\\\/laborimhorse.redbit.agency\\\/fr\\\/categorie-produit\\\/prairie-fr\\\/rateliers-fr\\\/\",\"nextItem\":{\"@type\":\"ListItem\",\"@id\":\"https:\\\/\\\/laborimhorse.redbit.agency\\\/fr\\\/produit\\\/ratelier-carre-compact-1500-x-1500-mm-3\\\/#listItem\",\"name\":\"R\\u00e2telier Carr\\u00e9 Compact \\u2013 1500 x 1500 mm\"},\"previousItem\":{\"@type\":\"ListItem\",\"@id\":\"https:\\\/\\\/laborimhorse.redbit.agency\\\/fr\\\/categorie-produit\\\/prairie-fr\\\/#listItem\",\"name\":\"Prairie\"}},{\"@type\":\"ListItem\",\"@id\":\"https:\\\/\\\/laborimhorse.redbit.agency\\\/fr\\\/produit\\\/ratelier-carre-compact-1500-x-1500-mm-3\\\/#listItem\",\"position\":5,\"name\":\"R\\u00e2telier Carr\\u00e9 Compact \\u2013 1500 x 1500 mm\",\"previousItem\":{\"@type\":\"ListItem\",\"@id\":\"https:\\\/\\\/laborimhorse.redbit.agency\\\/fr\\\/categorie-produit\\\/prairie-fr\\\/rateliers-fr\\\/#listItem\",\"name\":\"R\\u00e2teliers\"}}]},{\"@type\":\"ItemPage\",\"@id\":\"https:\\\/\\\/laborimhorse.redbit.agency\\\/fr\\\/produit\\\/ratelier-carre-compact-1500-x-1500-mm-3\\\/#itempage\",\"url\":\"https:\\\/\\\/laborimhorse.redbit.agency\\\/fr\\\/produit\\\/ratelier-carre-compact-1500-x-1500-mm-3\\\/\",\"name\":\"R\\u00e2telier Carr\\u00e9 Compact \\u2013 1500 x 1500 mm - Laborim Horse Shop - kwaliteitsproducten voor paarden\",\"description\":\"R\\u00e2telier carr\\u00e9 robuste, id\\u00e9al pour bovins. Fabrication en acier enti\\u00e8rement galvanis\\u00e9 avec 8 places d\\u2019alimentation et grille verticale. Caract\\u00e9ristiques : Dimensions ext\\u00e9rieures : 1500 x 1500 mm Dimensions int\\u00e9rieures : 1370 x 1370 mm Hauteur totale : env. 2400 mm Hauteur du r\\u00e2telier : env. 450\\u2013550 mm Poids : env. 250 kg Avec protection de bord de toit Livr\\u00e9 en kit \\u00e0 monter Attention : Ne pas utiliser avec licols. Non adapt\\u00e9 aux poulains et jeunes animaux. Non conforme FN en raison des nombreuses possibilit\\u00e9s de r\\u00e9glage.\",\"inLanguage\":\"fr-FR\",\"isPartOf\":{\"@id\":\"https:\\\/\\\/laborimhorse.redbit.agency\\\/fr\\\/#website\"},\"breadcrumb\":{\"@id\":\"https:\\\/\\\/laborimhorse.redbit.agency\\\/fr\\\/produit\\\/ratelier-carre-compact-1500-x-1500-mm-3\\\/#breadcrumblist\"},\"image\":{\"@type\":\"ImageObject\",\"url\":\"https:\\\/\\\/laborimhorse.redbit.agency\\\/wp-content\\\/uploads\\\/2025\\\/12\\\/688a2af7335ec.jpeg\",\"@id\":\"https:\\\/\\\/laborimhorse.redbit.agency\\\/fr\\\/produit\\\/ratelier-carre-compact-1500-x-1500-mm-3\\\/#mainImage\",\"width\":1200,\"height\":900},\"primaryImageOfPage\":{\"@id\":\"https:\\\/\\\/laborimhorse.redbit.agency\\\/fr\\\/produit\\\/ratelier-carre-compact-1500-x-1500-mm-3\\\/#mainImage\"},\"datePublished\":\"2026-08-10T12:12:59+00:00\",\"dateModified\":\"2026-08-10T12:13:00+00:00\"},{\"@type\":\"Organization\",\"@id\":\"https:\\\/\\\/laborimhorse.redbit.agency\\\/fr\\\/#organization\",\"name\":\"Laborim Horse Shop - kwaliteitsproducten voor paarden\",\"url\":\"https:\\\/\\\/laborimhorse.redbit.agency\\\/fr\\\/\"},{\"@type\":\"WebSite\",\"@id\":\"https:\\\/\\\/laborimhorse.redbit.agency\\\/fr\\\/#website\",\"url\":\"https:\\\/\\\/laborimhorse.redbit.agency\\\/fr\\\/\",\"name\":\"Laborim Horse Shop - kwaliteitsproducten voor paarden\",\"inLanguage\":\"fr-FR\",\"publisher\":{\"@id\":\"https:\\\/\\\/laborimhorse.redbit.agency\\\/fr\\\/#organization\"}}]}\n\t\t<\/script>\n\t\t<!-- All in One SEO -->\n\n","aioseo_head_json":{"title":"R\u00e2telier Carr\u00e9 Compact \u2013 1500 x 1500 mm - Laborim Horse Shop - kwaliteitsproducten voor paarden","description":"R\u00e2telier carr\u00e9 robuste, id\u00e9al pour bovins. Fabrication en acier enti\u00e8rement galvanis\u00e9 avec 8 places d\u2019alimentation et grille verticale. Caract\u00e9ristiques : Dimensions ext\u00e9rieures : 1500 x 1500 mm Dimensions int\u00e9rieures : 1370 x 1370 mm Hauteur totale : env. 2400 mm Hauteur du r\u00e2telier : env. 450\u2013550 mm Poids : env. 250 kg Avec protection de bord de toit Livr\u00e9 en kit \u00e0 monter Attention : Ne pas utiliser avec licols. Non adapt\u00e9 aux poulains et jeunes animaux. Non conforme FN en raison des nombreuses possibilit\u00e9s de r\u00e9glage.","canonical_url":"https:\/\/laborimhorse.redbit.agency\/fr\/produit\/ratelier-carre-compact-1500-x-1500-mm-3\/","robots":"noindex, nofollow, max-image-preview:large","keywords":"","webmasterTools":{"miscellaneous":""},"schema":{"@context":"https:\/\/schema.org","@graph":[{"@type":"BreadcrumbList","@id":"https:\/\/laborimhorse.redbit.agency\/fr\/produit\/ratelier-carre-compact-1500-x-1500-mm-3\/#breadcrumblist","itemListElement":[{"@type":"ListItem","@id":"https:\/\/laborimhorse.redbit.agency\/fr\/#listItem","position":1,"name":"Home","item":"https:\/\/laborimhorse.redbit.agency\/fr\/","nextItem":{"@type":"ListItem","@id":"https:\/\/laborimhorse.redbit.agency\/fr\/boutique\/#listItem","name":"Boutique"}},{"@type":"ListItem","@id":"https:\/\/laborimhorse.redbit.agency\/fr\/boutique\/#listItem","position":2,"name":"Boutique","item":"https:\/\/laborimhorse.redbit.agency\/fr\/boutique\/","nextItem":{"@type":"ListItem","@id":"https:\/\/laborimhorse.redbit.agency\/fr\/categorie-produit\/prairie-fr\/#listItem","name":"Prairie"},"previousItem":{"@type":"ListItem","@id":"https:\/\/laborimhorse.redbit.agency\/fr\/#listItem","name":"Home"}},{"@type":"ListItem","@id":"https:\/\/laborimhorse.redbit.agency\/fr\/categorie-produit\/prairie-fr\/#listItem","position":3,"name":"Prairie","item":"https:\/\/laborimhorse.redbit.agency\/fr\/categorie-produit\/prairie-fr\/","nextItem":{"@type":"ListItem","@id":"https:\/\/laborimhorse.redbit.agency\/fr\/categorie-produit\/prairie-fr\/rateliers-fr\/#listItem","name":"R\u00e2teliers"},"previousItem":{"@type":"ListItem","@id":"https:\/\/laborimhorse.redbit.agency\/fr\/boutique\/#listItem","name":"Boutique"}},{"@type":"ListItem","@id":"https:\/\/laborimhorse.redbit.agency\/fr\/categorie-produit\/prairie-fr\/rateliers-fr\/#listItem","position":4,"name":"R\u00e2teliers","item":"https:\/\/laborimhorse.redbit.agency\/fr\/categorie-produit\/prairie-fr\/rateliers-fr\/","nextItem":{"@type":"ListItem","@id":"https:\/\/laborimhorse.redbit.agency\/fr\/produit\/ratelier-carre-compact-1500-x-1500-mm-3\/#listItem","name":"R\u00e2telier Carr\u00e9 Compact \u2013 1500 x 1500 mm"},"previousItem":{"@type":"ListItem","@id":"https:\/\/laborimhorse.redbit.agency\/fr\/categorie-produit\/prairie-fr\/#listItem","name":"Prairie"}},{"@type":"ListItem","@id":"https:\/\/laborimhorse.redbit.agency\/fr\/produit\/ratelier-carre-compact-1500-x-1500-mm-3\/#listItem","position":5,"name":"R\u00e2telier Carr\u00e9 Compact \u2013 1500 x 1500 mm","previousItem":{"@type":"ListItem","@id":"https:\/\/laborimhorse.redbit.agency\/fr\/categorie-produit\/prairie-fr\/rateliers-fr\/#listItem","name":"R\u00e2teliers"}}]},{"@type":"ItemPage","@id":"https:\/\/laborimhorse.redbit.agency\/fr\/produit\/ratelier-carre-compact-1500-x-1500-mm-3\/#itempage","url":"https:\/\/laborimhorse.redbit.agency\/fr\/produit\/ratelier-carre-compact-1500-x-1500-mm-3\/","name":"R\u00e2telier Carr\u00e9 Compact \u2013 1500 x 1500 mm - Laborim Horse Shop - kwaliteitsproducten voor paarden","description":"R\u00e2telier carr\u00e9 robuste, id\u00e9al pour bovins. Fabrication en acier enti\u00e8rement galvanis\u00e9 avec 8 places d\u2019alimentation et grille verticale. Caract\u00e9ristiques : Dimensions ext\u00e9rieures : 1500 x 1500 mm Dimensions int\u00e9rieures : 1370 x 1370 mm Hauteur totale : env. 2400 mm Hauteur du r\u00e2telier : env. 450\u2013550 mm Poids : env. 250 kg Avec protection de bord de toit Livr\u00e9 en kit \u00e0 monter Attention : Ne pas utiliser avec licols. Non adapt\u00e9 aux poulains et jeunes animaux. Non conforme FN en raison des nombreuses possibilit\u00e9s de r\u00e9glage.","inLanguage":"fr-FR","isPartOf":{"@id":"https:\/\/laborimhorse.redbit.agency\/fr\/#website"},"breadcrumb":{"@id":"https:\/\/laborimhorse.redbit.agency\/fr\/produit\/ratelier-carre-compact-1500-x-1500-mm-3\/#breadcrumblist"},"image":{"@type":"ImageObject","url":"https:\/\/laborimhorse.redbit.agency\/wp-content\/uploads\/2025\/12\/688a2af7335ec.jpeg","@id":"https:\/\/laborimhorse.redbit.agency\/fr\/produit\/ratelier-carre-compact-1500-x-1500-mm-3\/#mainImage","width":1200,"height":900},"primaryImageOfPage":{"@id":"https:\/\/laborimhorse.redbit.agency\/fr\/produit\/ratelier-carre-compact-1500-x-1500-mm-3\/#mainImage"},"datePublished":"2026-08-10T12:12:59+00:00","dateModified":"2026-08-10T12:13:00+00:00"},{"@type":"Organization","@id":"https:\/\/laborimhorse.redbit.agency\/fr\/#organization","name":"Laborim Horse Shop - kwaliteitsproducten voor paarden","url":"https:\/\/laborimhorse.redbit.agency\/fr\/"},{"@type":"WebSite","@id":"https:\/\/laborimhorse.redbit.agency\/fr\/#website","url":"https:\/\/laborimhorse.redbit.agency\/fr\/","name":"Laborim Horse Shop - kwaliteitsproducten voor paarden","inLanguage":"fr-FR","publisher":{"@id":"https:\/\/laborimhorse.redbit.agency\/fr\/#organization"}}]},"og:locale":"fr_FR","og:site_name":"Laborim Horse Shop - kwaliteitsproducten voor paarden -","og:type":"article","og:title":"R\u00e2telier Carr\u00e9 Compact \u2013 1500 x 1500 mm - Laborim Horse Shop - kwaliteitsproducten voor paarden","og:description":"R\u00e2telier carr\u00e9 robuste, id\u00e9al pour bovins. Fabrication en acier enti\u00e8rement galvanis\u00e9 avec 8 places d\u2019alimentation et grille verticale. Caract\u00e9ristiques : Dimensions ext\u00e9rieures : 1500 x 1500 mm Dimensions int\u00e9rieures : 1370 x 1370 mm Hauteur totale : env. 2400 mm Hauteur du r\u00e2telier : env. 450\u2013550 mm Poids : env. 250 kg Avec protection de bord de toit Livr\u00e9 en kit \u00e0 monter Attention : Ne pas utiliser avec licols. Non adapt\u00e9 aux poulains et jeunes animaux. Non conforme FN en raison des nombreuses possibilit\u00e9s de r\u00e9glage.","og:url":"https:\/\/laborimhorse.redbit.agency\/fr\/produit\/ratelier-carre-compact-1500-x-1500-mm-3\/","article:published_time":"2026-08-10T12:12:59+00:00","article:modified_time":"2026-08-10T12:13:00+00:00","twitter:card":"summary_large_image","twitter:title":"R\u00e2telier Carr\u00e9 Compact \u2013 1500 x 1500 mm - Laborim Horse Shop - kwaliteitsproducten voor paarden","twitter:description":"R\u00e2telier carr\u00e9 robuste, id\u00e9al pour bovins. Fabrication en acier enti\u00e8rement galvanis\u00e9 avec 8 places d\u2019alimentation et grille verticale. Caract\u00e9ristiques : Dimensions ext\u00e9rieures : 1500 x 1500 mm Dimensions int\u00e9rieures : 1370 x 1370 mm Hauteur totale : env. 2400 mm Hauteur du r\u00e2telier : env. 450\u2013550 mm Poids : env. 250 kg Avec protection de bord de toit Livr\u00e9 en kit \u00e0 monter Attention : Ne pas utiliser avec licols. Non adapt\u00e9 aux poulains et jeunes animaux. Non conforme FN en raison des nombreuses possibilit\u00e9s de r\u00e9glage."},"aioseo_meta_data":{"post_id":"18350","title":null,"description":null,"keywords":null,"keyphrases":null,"primary_term":null,"canonical_url":null,"og_title":null,"og_description":null,"og_object_type":"default","og_image_type":"default","og_image_url":null,"og_image_width":null,"og_image_height":null,"og_image_custom_url":null,"og_image_custom_fields":null,"og_video":null,"og_custom_url":null,"og_article_section":null,"og_article_tags":null,"twitter_use_og":false,"twitter_card":"default","twitter_image_type":"default","twitter_image_url":null,"twitter_image_custom_url":null,"twitter_image_custom_fields":null,"twitter_title":null,"twitter_description":null,"schema":{"blockGraphs":[],"customGraphs":[],"default":{"data":{"Article":[],"Course":[],"Dataset":[],"FAQPage":[],"Movie":[],"Person":[],"Product":[],"ProductReview":[],"Car":[],"Recipe":[],"Service":[],"SoftwareApplication":[],"WebPage":[]},"graphName":"","isEnabled":true},"graphs":[]},"schema_type":"default","schema_type_options":null,"pillar_content":false,"robots_default":true,"robots_noindex":false,"robots_noarchive":false,"robots_nosnippet":false,"robots_nofollow":false,"robots_noimageindex":false,"robots_noodp":false,"robots_notranslate":false,"robots_max_snippet":null,"robots_max_videopreview":null,"robots_max_imagepreview":"large","priority":null,"frequency":null,"local_seo":null,"breadcrumb_settings":null,"limit_modified_date":false,"ai":null,"created":"2026-08-14 06:34:06","updated":"2026-08-14 06:34:06","focus_keyword":null,"additional_keywords":null,"truseo_locale":null,"seo_analyzer_scan_date":null},"aioseo_breadcrumb":"<div class=\"aioseo-breadcrumbs\"><span class=\"aioseo-breadcrumb\">\n\t\t\t<a href=\"https:\/\/laborimhorse.redbit.agency\/fr\/\" title=\"Home\">Home<\/a>\n\t\t<\/span><span class=\"aioseo-breadcrumb-separator\">&raquo;<\/span><span class=\"aioseo-breadcrumb\">\n\t\t\t<a href=\"https:\/\/laborimhorse.redbit.agency\/fr\/boutique\/\" title=\"Boutique\">Boutique<\/a>\n\t\t<\/span><span class=\"aioseo-breadcrumb-separator\">&raquo;<\/span><span class=\"aioseo-breadcrumb\">\n\t\t\t<a href=\"https:\/\/laborimhorse.redbit.agency\/fr\/categorie-produit\/prairie-fr\/\" title=\"Prairie\">Prairie<\/a>\n\t\t<\/span><span class=\"aioseo-breadcrumb-separator\">&raquo;<\/span><span class=\"aioseo-breadcrumb\">\n\t\t\t<a href=\"https:\/\/laborimhorse.redbit.agency\/fr\/categorie-produit\/prairie-fr\/rateliers-fr\/\" title=\"R\u00e2teliers\">R\u00e2teliers<\/a>\n\t\t<\/span><span class=\"aioseo-breadcrumb-separator\">&raquo;<\/span><span class=\"aioseo-breadcrumb\">\n\t\t\tR\u00e2telier Carr\u00e9 Compact \u2013 1500 x 1500 mm\n\t\t<\/span><\/div>","aioseo_breadcrumb_json":[{"label":"Home","link":"https:\/\/laborimhorse.redbit.agency\/fr\/"},{"label":"Boutique","link":"https:\/\/laborimhorse.redbit.agency\/fr\/boutique\/"},{"label":"Prairie","link":"https:\/\/laborimhorse.redbit.agency\/fr\/categorie-produit\/prairie-fr\/"},{"label":"R\u00e2teliers","link":"https:\/\/laborimhorse.redbit.agency\/fr\/categorie-produit\/prairie-fr\/rateliers-fr\/"},{"label":"R\u00e2telier Carr\u00e9 Compact \u2013 1500 x 1500 mm","link":"https:\/\/laborimhorse.redbit.agency\/fr\/produit\/ratelier-carre-compact-1500-x-1500-mm-3\/"}],"_links":{"self":[{"href":"https:\/\/laborimhorse.redbit.agency\/fr\/wp-json\/wp\/v2\/product\/18350","targetHints":{"allow":["GET"]}}],"collection":[{"href":"https:\/\/laborimhorse.redbit.agency\/fr\/wp-json\/wp\/v2\/product"}],"about":[{"href":"https:\/\/laborimhorse.redbit.agency\/fr\/wp-json\/wp\/v2\/types\/product"}],"wp:featuredmedia":[{"embeddable":true,"href":"https:\/\/laborimhorse.redbit.agency\/fr\/wp-json\/wp\/v2\/media\/14731"}],"wp:attachment":[{"href":"https:\/\/laborimhorse.redbit.agency\/fr\/wp-json\/wp\/v2\/media?parent=18350"}],"wp:term":[{"taxonomy":"product_brand","embeddable":true,"href":"https:\/\/laborimhorse.redbit.agency\/fr\/wp-json\/wp\/v2\/product_brand?post=18350"},{"taxonomy":"product_cat","embeddable":true,"href":"https:\/\/laborimhorse.redbit.agency\/fr\/wp-json\/wp\/v2\/product_cat?post=18350"},{"taxonomy":"product_tag","embeddable":true,"href":"https:\/\/laborimhorse.redbit.agency\/fr\/wp-json\/wp\/v2\/product_tag?post=18350"}],"curies":[{"name":"wp","href":"https:\/\/api.w.org\/{rel}","templated":true}]}}